{"id":8821,"date":"2023-06-22T07:35:45","date_gmt":"2023-06-22T07:35:45","guid":{"rendered":"https:\/\/pilgerherberge-sg.ch\/accueil\/"},"modified":"2025-07-01T13:41:38","modified_gmt":"2025-07-01T13:41:38","slug":"accueil","status":"publish","type":"page","link":"https:\/\/pilgerherberge-sg.ch\/fr\/","title":{"rendered":"Accueil"},"content":{"rendered":"\t\t<div data-elementor-type=\"wp-page\" data-elementor-id=\"8821\" class=\"elementor elementor-8821 elementor-5286\" data-elementor-post-type=\"page\">\n\t\t\t\t\t\t<section class=\"elementor-section elementor-top-section elementor-element elementor-element-21b43c1 elementor-section-full_width elementor-section-stretched elementor-section-height-min-height elementor-section-content-middle elementor-section-height-default elementor-section-items-middle\" data-id=\"21b43c1\" data-element_type=\"section\" data-e-type=\"section\" data-settings=\"{&quot;stretch_section&quot;:&quot;section-stretched&quot;,&quot;background_background&quot;:&quot;classic&quot;}\">\n\t\t\t\t\t\t\t<div class=\"elementor-background-overlay\"><\/div>\n\t\t\t\t\t\t\t<div class=\"elementor-container elementor-column-gap-no\">\n\t\t\t\t\t<div class=\"elementor-column elementor-col-100 elementor-top-column elementor-element elementor-element-f9d80b5\" data-id=\"f9d80b5\" data-element_type=\"column\" data-e-type=\"column\">\n\t\t\t<div class=\"elementor-widget-wrap elementor-element-populated\">\n\t\t\t\t\t\t<section class=\"elementor-section elementor-inner-section elementor-element elementor-element-d5526c2 elementor-section-full_width elementor-section-height-default elementor-section-height-default\" data-id=\"d5526c2\" data-element_type=\"section\" data-e-type=\"section\">\n\t\t\t\t\t\t<div class=\"elementor-container elementor-column-gap-extended\">\n\t\t\t\t\t<div class=\"elementor-column elementor-col-25 elementor-inner-column elementor-element elementor-element-2a935f4\" data-id=\"2a935f4\" data-element_type=\"column\" data-e-type=\"column\">\n\t\t\t<div class=\"elementor-widget-wrap elementor-element-populated\">\n\t\t\t\t\t\t<div class=\"elementor-element elementor-element-18829d7 elementor-align-center elementor-widget elementor-widget-button\" data-id=\"18829d7\" data-element_type=\"widget\" data-e-type=\"widget\" data-widget_type=\"button.default\">\n\t\t\t\t<div class=\"elementor-widget-container\">\n\t\t\t\t\t\t\t\t\t<div class=\"elementor-button-wrapper\">\n\t\t\t\t\t<a class=\"elementor-button elementor-button-link elementor-size-xl\" href=\"https:\/\/pilgerherberge-sg.ch\/fr\/reservation\/\">\n\t\t\t\t\t\t<span class=\"elementor-button-content-wrapper\">\n\t\t\t\t\t\t\t\t\t<span class=\"elementor-button-text\"> R\u00e9servation<\/span>\n\t\t\t\t\t<\/span>\n\t\t\t\t\t<\/a>\n\t\t\t\t<\/div>\n\t\t\t\t\t\t\t\t<\/div>\n\t\t\t\t<\/div>\n\t\t\t\t\t<\/div>\n\t\t<\/div>\n\t\t\t\t<div class=\"elementor-column elementor-col-25 elementor-inner-column elementor-element elementor-element-f3ff368\" data-id=\"f3ff368\" data-element_type=\"column\" data-e-type=\"column\">\n\t\t\t<div class=\"elementor-widget-wrap elementor-element-populated\">\n\t\t\t\t\t\t<div class=\"elementor-element elementor-element-ec22766 elementor-align-center elementor-widget elementor-widget-button\" data-id=\"ec22766\" data-element_type=\"widget\" data-e-type=\"widget\" data-widget_type=\"button.default\">\n\t\t\t\t<div class=\"elementor-widget-container\">\n\t\t\t\t\t\t\t\t\t<div class=\"elementor-button-wrapper\">\n\t\t\t\t\t<a class=\"elementor-button elementor-button-link elementor-size-xl\" href=\"https:\/\/pilgerherberge-sg.ch\/fr\/passeport-du-pelerin\/\">\n\t\t\t\t\t\t<span class=\"elementor-button-content-wrapper\">\n\t\t\t\t\t\t\t\t\t<span class=\"elementor-button-text\">carnet de p\u00e8lerin<\/span>\n\t\t\t\t\t<\/span>\n\t\t\t\t\t<\/a>\n\t\t\t\t<\/div>\n\t\t\t\t\t\t\t\t<\/div>\n\t\t\t\t<\/div>\n\t\t\t\t\t<\/div>\n\t\t<\/div>\n\t\t\t\t<div class=\"elementor-column elementor-col-25 elementor-inner-column elementor-element elementor-element-2b529ae\" data-id=\"2b529ae\" data-element_type=\"column\" data-e-type=\"column\">\n\t\t\t<div class=\"elementor-widget-wrap elementor-element-populated\">\n\t\t\t\t\t\t<div class=\"elementor-element elementor-element-ad4c7c8 elementor-align-center elementor-widget elementor-widget-button\" data-id=\"ad4c7c8\" data-element_type=\"widget\" data-e-type=\"widget\" data-widget_type=\"button.default\">\n\t\t\t\t<div class=\"elementor-widget-container\">\n\t\t\t\t\t\t\t\t\t<div class=\"elementor-button-wrapper\">\n\t\t\t\t\t<a class=\"elementor-button elementor-button-link elementor-size-xl\" href=\"https:\/\/pilgerherberge-sg.ch\/fr\/auberge\/\">\n\t\t\t\t\t\t<span class=\"elementor-button-content-wrapper\">\n\t\t\t\t\t\t\t\t\t<span class=\"elementor-button-text\">Auberge<\/span>\n\t\t\t\t\t<\/span>\n\t\t\t\t\t<\/a>\n\t\t\t\t<\/div>\n\t\t\t\t\t\t\t\t<\/div>\n\t\t\t\t<\/div>\n\t\t\t\t\t<\/div>\n\t\t<\/div>\n\t\t\t\t<div class=\"elementor-column elementor-col-25 elementor-inner-column elementor-element elementor-element-07c9017\" data-id=\"07c9017\" data-element_type=\"column\" data-e-type=\"column\">\n\t\t\t<div class=\"elementor-widget-wrap elementor-element-populated\">\n\t\t\t\t\t\t<div class=\"elementor-element elementor-element-9425d6e elementor-align-center elementor-widget elementor-widget-button\" data-id=\"9425d6e\" data-element_type=\"widget\" data-e-type=\"widget\" data-widget_type=\"button.default\">\n\t\t\t\t<div class=\"elementor-widget-container\">\n\t\t\t\t\t\t\t\t\t<div class=\"elementor-button-wrapper\">\n\t\t\t\t\t<a class=\"elementor-button elementor-button-link elementor-size-xl\" href=\"https:\/\/pilgerherberge-sg.ch\/fr\/saint-gall\/\">\n\t\t\t\t\t\t<span class=\"elementor-button-content-wrapper\">\n\t\t\t\t\t\t\t\t\t<span class=\"elementor-button-text\">Saint-Gall<\/span>\n\t\t\t\t\t<\/span>\n\t\t\t\t\t<\/a>\n\t\t\t\t<\/div>\n\t\t\t\t\t\t\t\t<\/div>\n\t\t\t\t<\/div>\n\t\t\t\t\t<\/div>\n\t\t<\/div>\n\t\t\t\t\t<\/div>\n\t\t<\/section>\n\t\t\t\t\t<\/div>\n\t\t<\/div>\n\t\t\t\t\t<\/div>\n\t\t<\/section>\n\t\t\t\t<section class=\"elementor-section elementor-top-section elementor-element elementor-element-4ec8495 elementor-section-full_width elementor-section-height-default elementor-section-height-default\" data-id=\"4ec8495\" data-element_type=\"section\" data-e-type=\"section\">\n\t\t\t\t\t\t<div class=\"elementor-container elementor-column-gap-default\">\n\t\t\t\t\t<div class=\"elementor-column elementor-col-100 elementor-top-column elementor-element elementor-element-5684319\" data-id=\"5684319\" data-element_type=\"column\" data-e-type=\"column\">\n\t\t\t<div class=\"elementor-widget-wrap elementor-element-populated\">\n\t\t\t\t\t\t<div class=\"elementor-element elementor-element-799fab9 elementor-widget elementor-widget-spacer\" data-id=\"799fab9\" data-element_type=\"widget\" data-e-type=\"widget\" data-widget_type=\"spacer.default\">\n\t\t\t\t<div class=\"elementor-widget-container\">\n\t\t\t\t\t\t\t<div class=\"elementor-spacer\">\n\t\t\t<div class=\"elementor-spacer-inner\"><\/div>\n\t\t<\/div>\n\t\t\t\t\t\t<\/div>\n\t\t\t\t<\/div>\n\t\t\t\t\t<\/div>\n\t\t<\/div>\n\t\t\t\t\t<\/div>\n\t\t<\/section>\n\t\t\t\t<section class=\"elementor-section elementor-top-section elementor-element elementor-element-fcd63e3 elementor-section-full_width elementor-section-height-default elementor-section-height-default\" data-id=\"fcd63e3\" data-element_type=\"section\" data-e-type=\"section\">\n\t\t\t\t\t\t<div class=\"elementor-container elementor-column-gap-default\">\n\t\t\t\t\t<div class=\"elementor-column elementor-col-66 elementor-top-column elementor-element elementor-element-e790471\" data-id=\"e790471\" data-element_type=\"column\" data-e-type=\"column\">\n\t\t\t<div class=\"elementor-widget-wrap elementor-element-populated\">\n\t\t\t\t\t\t<div class=\"elementor-element elementor-element-4b0fc8c elementor-widget elementor-widget-heading\" data-id=\"4b0fc8c\" data-element_type=\"widget\" data-e-type=\"widget\" data-widget_type=\"heading.default\">\n\t\t\t\t<div class=\"elementor-widget-container\">\n\t\t\t\t\t<h1 class=\"elementor-heading-title elementor-size-default\">Auberge de p\u00e8lerinage de Saint-Gall<\/h1>\t\t\t\t<\/div>\n\t\t\t\t<\/div>\n\t\t\t\t<div class=\"elementor-element elementor-element-a365860 elementor-widget elementor-widget-text-editor\" data-id=\"a365860\" data-element_type=\"widget\" data-e-type=\"widget\" data-widget_type=\"text-editor.default\">\n\t\t\t\t<div class=\"elementor-widget-container\">\n\t\t\t\t\t\t\t\t\t<p>directement sur le chemin de Saint-Jacques, le chemin de Colomban, sur la Via Francisca<\/p>\n\t\t\t\t\t\t\t\t<\/div>\n\t\t\t\t<\/div>\n\t\t\t\t<div class=\"elementor-element elementor-element-f295129 elementor-widget elementor-widget-spacer\" data-id=\"f295129\" data-element_type=\"widget\" data-e-type=\"widget\" data-widget_type=\"spacer.default\">\n\t\t\t\t<div class=\"elementor-widget-container\">\n\t\t\t\t\t\t\t<div class=\"elementor-spacer\">\n\t\t\t<div class=\"elementor-spacer-inner\"><\/div>\n\t\t<\/div>\n\t\t\t\t\t\t<\/div>\n\t\t\t\t<\/div>\n\t\t\t\t<div class=\"elementor-element elementor-element-9ac3c1a elementor-widget elementor-widget-text-editor\" data-id=\"9ac3c1a\" data-element_type=\"widget\" data-e-type=\"widget\" data-widget_type=\"text-editor.default\">\n\t\t\t\t<div class=\"elementor-widget-container\">\n\t\t\t\t\t\t\t\t\t<p>L&#8217;auberge de p\u00e8lerins vit l&#8217;hospitalit\u00e9 sur le chemin de p\u00e8lerinage.<\/p><p>Elle est g\u00e9r\u00e9e b\u00e9n\u00e9volement par d&#8217;anciens p\u00e8lerins qui font preuve d&#8217;un grand engagement. Nous perp\u00e9tuons la tradition qui a longtemps \u00e9t\u00e9 v\u00e9cue par les monast\u00e8res, les h\u00f4pitaux et les hospices : Un h\u00e9bergement bon march\u00e9 pour les p\u00e8lerins.<\/p>\t\t\t\t\t\t\t\t<\/div>\n\t\t\t\t<\/div>\n\t\t\t\t\t<\/div>\n\t\t<\/div>\n\t\t\t\t<div class=\"elementor-column elementor-col-33 elementor-top-column elementor-element elementor-element-e235f9d\" data-id=\"e235f9d\" data-element_type=\"column\" data-e-type=\"column\">\n\t\t\t<div class=\"elementor-widget-wrap elementor-element-populated\">\n\t\t\t\t\t\t<div class=\"elementor-element elementor-element-aa1239b elementor-widget elementor-widget-raven-image\" data-id=\"aa1239b\" data-element_type=\"widget\" data-e-type=\"widget\" data-settings=\"{&quot;motion_fx_motion_fx_mouse&quot;:&quot;yes&quot;,&quot;motion_fx_tilt_effect&quot;:&quot;yes&quot;,&quot;motion_fx_tilt_direction&quot;:&quot;negative&quot;,&quot;motion_fx_tilt_speed&quot;:{&quot;unit&quot;:&quot;px&quot;,&quot;size&quot;:2.8,&quot;sizes&quot;:[]}}\" data-widget_type=\"raven-image.default\">\n\t\t\t\t<div class=\"elementor-widget-container\">\n\t\t\t\t\t\t\t<div class=\"raven-image\">\n\t\t\n\t\t\t\t\t\t<a href=\"https:\/\/pilgerherberge-sg.ch\/corea-pilgrims\/\" class=\"elementor-clickable\" data-elementor-open-lightbox=\"\">\n\t\t\n\t\t<img fetchpriority=\"high\" decoding=\"async\" width=\"503\" height=\"471\" src=\"https:\/\/pilgerherberge-sg.ch\/wp-content\/uploads\/2023\/06\/shutterstock_2100815446-Konvertiert.png\" class=\"attachment-full size-full wp-image-8585\" alt=\"\" srcset=\"https:\/\/pilgerherberge-sg.ch\/wp-content\/uploads\/2023\/06\/shutterstock_2100815446-Konvertiert.png 503w, https:\/\/pilgerherberge-sg.ch\/wp-content\/uploads\/2023\/06\/shutterstock_2100815446-Konvertiert-300x281.png 300w\" sizes=\"(max-width: 503px) 100vw, 503px\" \/>\t\t\t<\/a>\n\t\t\t\t\t<\/div>\n\t\t\t\t\t\t<\/div>\n\t\t\t\t<\/div>\n\t\t\t\t\t<\/div>\n\t\t<\/div>\n\t\t\t\t\t<\/div>\n\t\t<\/section>\n\t\t\t\t<section class=\"elementor-section elementor-top-section elementor-element elementor-element-b834fc5 elementor-section-full_width elementor-section-height-default elementor-section-height-default\" data-id=\"b834fc5\" data-element_type=\"section\" data-e-type=\"section\">\n\t\t\t\t\t\t<div class=\"elementor-container elementor-column-gap-default\">\n\t\t\t\t\t<div class=\"elementor-column elementor-col-100 elementor-top-column elementor-element elementor-element-3864925\" data-id=\"3864925\" data-element_type=\"column\" data-e-type=\"column\">\n\t\t\t<div class=\"elementor-widget-wrap elementor-element-populated\">\n\t\t\t\t\t\t<div class=\"elementor-element elementor-element-35c4386 elementor-widget elementor-widget-spacer\" data-id=\"35c4386\" data-element_type=\"widget\" data-e-type=\"widget\" data-widget_type=\"spacer.default\">\n\t\t\t\t<div class=\"elementor-widget-container\">\n\t\t\t\t\t\t\t<div class=\"elementor-spacer\">\n\t\t\t<div class=\"elementor-spacer-inner\"><\/div>\n\t\t<\/div>\n\t\t\t\t\t\t<\/div>\n\t\t\t\t<\/div>\n\t\t\t\t\t<\/div>\n\t\t<\/div>\n\t\t\t\t\t<\/div>\n\t\t<\/section>\n\t\t\t\t<section class=\"elementor-section elementor-top-section elementor-element elementor-element-c00e736 elementor-section-full_width elementor-section-height-default elementor-section-height-default\" data-id=\"c00e736\" data-element_type=\"section\" data-e-type=\"section\">\n\t\t\t\t\t\t<div class=\"elementor-container elementor-column-gap-default\">\n\t\t\t\t\t<div class=\"elementor-column elementor-col-100 elementor-top-column elementor-element elementor-element-48b01a3\" data-id=\"48b01a3\" data-element_type=\"column\" data-e-type=\"column\">\n\t\t\t<div class=\"elementor-widget-wrap elementor-element-populated\">\n\t\t\t\t\t\t<div class=\"elementor-element elementor-element-22b92e4 elementor-widget elementor-widget-heading\" data-id=\"22b92e4\" data-element_type=\"widget\" data-e-type=\"widget\" data-widget_type=\"heading.default\">\n\t\t\t\t<div class=\"elementor-widget-container\">\n\t\t\t\t\t<h2 class=\"elementor-heading-title elementor-size-default\">Actualit\u00e9s (en allemand uniquement)<\/h2>\t\t\t\t<\/div>\n\t\t\t\t<\/div>\n\t\t\t\t\t<\/div>\n\t\t<\/div>\n\t\t\t\t\t<\/div>\n\t\t<\/section>\n\t\t\t\t<section class=\"elementor-section elementor-top-section elementor-element elementor-element-0873418 elementor-section-full_width elementor-section-height-default elementor-section-height-default\" data-id=\"0873418\" data-element_type=\"section\" data-e-type=\"section\">\n\t\t\t\t\t\t<div class=\"elementor-container elementor-column-gap-default\">\n\t\t\t\t\t<div class=\"elementor-column elementor-col-100 elementor-top-column elementor-element elementor-element-e77dc58\" data-id=\"e77dc58\" data-element_type=\"column\" data-e-type=\"column\">\n\t\t\t<div class=\"elementor-widget-wrap elementor-element-populated\">\n\t\t\t\t\t\t<div class=\"elementor-element elementor-element-77bbda9 elementor-widget elementor-widget-spacer\" data-id=\"77bbda9\" data-element_type=\"widget\" data-e-type=\"widget\" data-widget_type=\"spacer.default\">\n\t\t\t\t<div class=\"elementor-widget-container\">\n\t\t\t\t\t\t\t<div class=\"elementor-spacer\">\n\t\t\t<div class=\"elementor-spacer-inner\"><\/div>\n\t\t<\/div>\n\t\t\t\t\t\t<\/div>\n\t\t\t\t<\/div>\n\t\t\t\t\t<\/div>\n\t\t<\/div>\n\t\t\t\t\t<\/div>\n\t\t<\/section>\n\t\t\t\t<section class=\"elementor-section elementor-top-section elementor-element elementor-element-beabb92 elementor-section-full_width elementor-section-height-default elementor-section-height-default\" data-id=\"beabb92\" data-element_type=\"section\" data-e-type=\"section\">\n\t\t\t\t\t\t<div class=\"elementor-container elementor-column-gap-default\">\n\t\t\t\t\t<div class=\"elementor-column elementor-col-100 elementor-top-column elementor-element elementor-element-45442e5\" data-id=\"45442e5\" data-element_type=\"column\" data-e-type=\"column\">\n\t\t\t<div class=\"elementor-widget-wrap elementor-element-populated\">\n\t\t\t\t\t\t<div class=\"elementor-element elementor-element-170e0f3 raven-button-align-left elementor-widget elementor-widget-raven-posts\" data-id=\"170e0f3\" data-element_type=\"widget\" data-e-type=\"widget\" data-settings=\"{&quot;classic_show_pagination&quot;:&quot;yes&quot;,&quot;classic_pagination_type&quot;:&quot;load_more&quot;,&quot;_skin&quot;:&quot;classic&quot;,&quot;classic_layout&quot;:&quot;grid&quot;,&quot;classic_columns&quot;:&quot;3&quot;,&quot;classic_columns_tablet&quot;:&quot;2&quot;,&quot;classic_columns_mobile&quot;:&quot;1&quot;,&quot;query_posts_per_page&quot;:6,&quot;query_offset&quot;:0}\" data-widget_type=\"raven-posts.classic\">\n\t\t\t\t<div class=\"elementor-widget-container\">\n\t\t\t\t\t\t\t<div class=\"raven-posts raven-grid raven-grid-3 raven-grid-mobile-1 raven-grid-mobile_extra- raven-grid-tablet-2 raven-grid-tablet_extra-\" data-post-id=\"8821\" data-archive-query=\"\" data-lang=\"\">\n\t\t\t\t<div class=\"raven-grid-item raven-post-item post-12654 post type-post status-publish format-standard has-post-thumbnail hentry category-jakobspilger category-jakobspilgerstamm-regio-st-gallen category-jakobsweg category-pilgerherberge category-pilgerherberge-sankt-gallen category-pilgerherberge-st-gallen category-pilgern category-pilgerstamm category-st-gallen\">\n\t\t\t<div class=\"raven-post\">\n\t\t\t\t\t\t<div class=\"raven-post-image-wrap\">\n\t\t\t<a class=\"raven-post-image raven-image-fit\" href=\"https:\/\/pilgerherberge-sg.ch\/fr\/25-jahre-pilgerstamm-regio-st-gallen-jubilaeumsanlass\/\"><img decoding=\"async\" width=\"860\" height=\"414\" src=\"https:\/\/pilgerherberge-sg.ch\/wp-content\/uploads\/2025\/11\/Logo_25-Jahre-Pilgerstamm.jpg\" class=\"attachment-large size-large wp-image-12344\" alt=\"\" srcset=\"https:\/\/pilgerherberge-sg.ch\/wp-content\/uploads\/2025\/11\/Logo_25-Jahre-Pilgerstamm.jpg 860w, https:\/\/pilgerherberge-sg.ch\/wp-content\/uploads\/2025\/11\/Logo_25-Jahre-Pilgerstamm-300x144.jpg 300w\" sizes=\"(max-width: 860px) 100vw, 860px\" \/> <span class=\"raven-post-image-overlay\"><\/span><\/a>\t\t<\/div>\n\t\t\t\t\t\t<div class=\"raven-post-content\">\n\t\t\t\t\t<p class=\"raven-post-title\"><a class=\"raven-post-title-link\" href=\"https:\/\/pilgerherberge-sg.ch\/fr\/25-jahre-pilgerstamm-regio-st-gallen-jubilaeumsanlass\/\">25 Jahre Pilgerstamm Regio St.Gallen &#8211; Jubil\u00e4umsanlass<\/a><\/p><div class=\"raven-post-excerpt\">Jubil\u00e4umsanlass zum 25j\u00e4hrigen Bestehen des Pilgerstamm der Regio St.Gallen vom 30.06.2026.<\/div>\t\t<div class=\"raven-post-read-more\">\n\t\t\t<a class=\"raven-post-button\" href=\"https:\/\/pilgerherberge-sg.ch\/fr\/25-jahre-pilgerstamm-regio-st-gallen-jubilaeumsanlass\/\"><span class=\"raven-post-button-text\">Weiterlesen &gt;<\/span><\/a>\n\t\t<\/div>\n\t\t\t\t\t\t<\/div>\n\t\t\t<\/div>\n\t\t<\/div>\n\t\t\t\t<div class=\"raven-grid-item raven-post-item post-11323 post type-post status-publish format-standard has-post-thumbnail hentry category-spiritualitat category-jakobspilger category-jakobspilgerstamm-regio-st-gallen category-jakobsweg category-pilgergottesdienst category-pilgerherberge-st-gallen category-pilgern category-st-gallen tag-pilgergottesdienst-start-saison\">\n\t\t\t<div class=\"raven-post\">\n\t\t\t\t\t\t<div class=\"raven-post-image-wrap\">\n\t\t\t<a class=\"raven-post-image raven-image-fit\" href=\"https:\/\/pilgerherberge-sg.ch\/fr\/fr-24-04-26-19-uhr-pilgergottesdienst\/\"><img decoding=\"async\" width=\"1024\" height=\"577\" src=\"https:\/\/pilgerherberge-sg.ch\/wp-content\/uploads\/2026\/03\/20260309_073441-1024x577.jpg\" class=\"attachment-large size-large wp-image-12630\" alt=\"\" srcset=\"https:\/\/pilgerherberge-sg.ch\/wp-content\/uploads\/2026\/03\/20260309_073441-1024x577.jpg 1024w, https:\/\/pilgerherberge-sg.ch\/wp-content\/uploads\/2026\/03\/20260309_073441-300x169.jpg 300w, https:\/\/pilgerherberge-sg.ch\/wp-content\/uploads\/2026\/03\/20260309_073441-1536x865.jpg 1536w, https:\/\/pilgerherberge-sg.ch\/wp-content\/uploads\/2026\/03\/20260309_073441-2048x1153.jpg 2048w\" sizes=\"(max-width: 1024px) 100vw, 1024px\" \/> <span class=\"raven-post-image-overlay\"><\/span><\/a>\t\t<\/div>\n\t\t\t\t\t\t<div class=\"raven-post-content\">\n\t\t\t\t\t<p class=\"raven-post-title\"><a class=\"raven-post-title-link\" href=\"https:\/\/pilgerherberge-sg.ch\/fr\/fr-24-04-26-19-uhr-pilgergottesdienst\/\">Freitag, 24.04.2026: Pilgergottesdienst zur Saisoner\u00f6ffnung<\/a><\/p><div class=\"raven-post-excerpt\">Wir feiern auch dieses Jahr wieder einen regionalen Pilgergottesdienst zur Saisoner\u00f6ffnung in der Schutzengelkapelle St.Gallen.<\/div>\t\t<div class=\"raven-post-read-more\">\n\t\t\t<a class=\"raven-post-button\" href=\"https:\/\/pilgerherberge-sg.ch\/fr\/fr-24-04-26-19-uhr-pilgergottesdienst\/\"><span class=\"raven-post-button-text\">Weiterlesen &gt;<\/span><\/a>\n\t\t<\/div>\n\t\t\t\t\t\t<\/div>\n\t\t\t<\/div>\n\t\t<\/div>\n\t\t\t\t<div class=\"raven-grid-item raven-post-item post-12339 post type-post status-publish format-standard has-post-thumbnail hentry category-jakobspilger category-jakobspilgerstamm-regio-st-gallen category-jakobsweg category-pilgerherberge category-pilgerherberge-sankt-gallen category-pilgerherberge-st-gallen category-pilgern category-pilgerstamm category-st-gallen\">\n\t\t\t<div class=\"raven-post\">\n\t\t\t\t\t\t<div class=\"raven-post-image-wrap\">\n\t\t\t<a class=\"raven-post-image raven-image-fit\" href=\"https:\/\/pilgerherberge-sg.ch\/fr\/25-jahre-pilgerstamm-regio-st-gallen-pilgertage\/\"><img loading=\"lazy\" decoding=\"async\" width=\"1024\" height=\"683\" src=\"https:\/\/pilgerherberge-sg.ch\/wp-content\/uploads\/2026\/03\/DSC04649-1024x683.jpg\" class=\"attachment-large size-large wp-image-12663\" alt=\"\" srcset=\"https:\/\/pilgerherberge-sg.ch\/wp-content\/uploads\/2026\/03\/DSC04649-1024x683.jpg 1024w, https:\/\/pilgerherberge-sg.ch\/wp-content\/uploads\/2026\/03\/DSC04649-300x200.jpg 300w, https:\/\/pilgerherberge-sg.ch\/wp-content\/uploads\/2026\/03\/DSC04649-1536x1024.jpg 1536w, https:\/\/pilgerherberge-sg.ch\/wp-content\/uploads\/2026\/03\/DSC04649-2048x1365.jpg 2048w, https:\/\/pilgerherberge-sg.ch\/wp-content\/uploads\/2026\/03\/DSC04649-272x182.jpg 272w\" sizes=\"(max-width: 1024px) 100vw, 1024px\" \/> <span class=\"raven-post-image-overlay\"><\/span><\/a>\t\t<\/div>\n\t\t\t\t\t\t<div class=\"raven-post-content\">\n\t\t\t\t\t<p class=\"raven-post-title\"><a class=\"raven-post-title-link\" href=\"https:\/\/pilgerherberge-sg.ch\/fr\/25-jahre-pilgerstamm-regio-st-gallen-pilgertage\/\">25 Jahre Pilgerstamm Regio St.Gallen &#8211; Pilgertage<\/a><\/p><div class=\"raven-post-excerpt\">Das Jubil\u00e4umsfest zum 25j\u00e4hrigen Bestehen des Pilgerstamm der Regio St.Gallen vom 30.06.2026 wird zuvor und danach von Pilgertagen umrahmt. Erfahre hier das Programm und  jeweils mehr, wenn die n\u00e4chsten Anl\u00e4sse n\u00e4her r\u00fccken.<\/div>\t\t<div class=\"raven-post-read-more\">\n\t\t\t<a class=\"raven-post-button\" href=\"https:\/\/pilgerherberge-sg.ch\/fr\/25-jahre-pilgerstamm-regio-st-gallen-pilgertage\/\"><span class=\"raven-post-button-text\">Weiterlesen &gt;<\/span><\/a>\n\t\t<\/div>\n\t\t\t\t\t\t<\/div>\n\t\t\t<\/div>\n\t\t<\/div>\n\t\t\t\t<div class=\"raven-grid-item raven-post-item post-12570 post type-post status-publish format-standard has-post-thumbnail hentry category-pilgern category-pilgerherberge-sankt-gallen category-pilgerherberge-st-gallen category-st-gallen\">\n\t\t\t<div class=\"raven-post\">\n\t\t\t\t\t\t<div class=\"raven-post-image-wrap\">\n\t\t\t<a class=\"raven-post-image raven-image-fit\" href=\"https:\/\/pilgerherberge-sg.ch\/fr\/pilgermesse-hamburg-2026\/\"><img loading=\"lazy\" decoding=\"async\" width=\"1024\" height=\"524\" src=\"https:\/\/pilgerherberge-sg.ch\/wp-content\/uploads\/2026\/03\/20260221_102920-Schweizer-Auftritt-1024x524.jpg\" class=\"attachment-large size-large wp-image-12558\" alt=\"St. Gallen an der Pilgermesse in Hamburg\" srcset=\"https:\/\/pilgerherberge-sg.ch\/wp-content\/uploads\/2026\/03\/20260221_102920-Schweizer-Auftritt-1024x524.jpg 1024w, https:\/\/pilgerherberge-sg.ch\/wp-content\/uploads\/2026\/03\/20260221_102920-Schweizer-Auftritt-300x154.jpg 300w, https:\/\/pilgerherberge-sg.ch\/wp-content\/uploads\/2026\/03\/20260221_102920-Schweizer-Auftritt.jpg 1250w\" sizes=\"(max-width: 1024px) 100vw, 1024px\" \/> <span class=\"raven-post-image-overlay\"><\/span><\/a>\t\t<\/div>\n\t\t\t\t\t\t<div class=\"raven-post-content\">\n\t\t\t\t\t<p class=\"raven-post-title\"><a class=\"raven-post-title-link\" href=\"https:\/\/pilgerherberge-sg.ch\/fr\/pilgermesse-hamburg-2026\/\">St. Gallen an der Pilgermesse in Hamburg<\/a><\/p><div class=\"raven-post-excerpt\">Als Mitglied der IG Swiss-Pilgrimways war die Pilgerherberge Sankt Gallen zusammen mit pilgern.ch am 21. Februar 2026 in Hamburg vertreten. <\/div>\t\t<div class=\"raven-post-read-more\">\n\t\t\t<a class=\"raven-post-button\" href=\"https:\/\/pilgerherberge-sg.ch\/fr\/pilgermesse-hamburg-2026\/\"><span class=\"raven-post-button-text\">Weiterlesen &gt;<\/span><\/a>\n\t\t<\/div>\n\t\t\t\t\t\t<\/div>\n\t\t\t<\/div>\n\t\t<\/div>\n\t\t\t\t<div class=\"raven-grid-item raven-post-item post-11526 post type-post status-publish format-standard has-post-thumbnail hentry category-pilgerstamm category-jakobspilgerstamm-regio-st-gallen category-jakobsweg category-santiago-de-compostela category-st-gallen tag-pilgerstamm tag-pilgerstamm-st-gallen tag-pilgerstammtisch\">\n\t\t\t<div class=\"raven-post\">\n\t\t\t\t\t\t<div class=\"raven-post-image-wrap\">\n\t\t\t<a class=\"raven-post-image raven-image-fit\" href=\"https:\/\/pilgerherberge-sg.ch\/fr\/di-28-04-26-jakobspilgerstamm-regio-st-gallen\/\"><img loading=\"lazy\" decoding=\"async\" width=\"709\" height=\"355\" src=\"https:\/\/pilgerherberge-sg.ch\/wp-content\/uploads\/2018\/04\/logo_pilgerstamm-regio-sankt-gallen.jpg\" class=\"attachment-large size-large wp-image-2146\" alt=\"\" srcset=\"https:\/\/pilgerherberge-sg.ch\/wp-content\/uploads\/2018\/04\/logo_pilgerstamm-regio-sankt-gallen.jpg 709w, https:\/\/pilgerherberge-sg.ch\/wp-content\/uploads\/2018\/04\/logo_pilgerstamm-regio-sankt-gallen-300x150.jpg 300w, https:\/\/pilgerherberge-sg.ch\/wp-content\/uploads\/2018\/04\/logo_pilgerstamm-regio-sankt-gallen-200x100.jpg 200w, https:\/\/pilgerherberge-sg.ch\/wp-content\/uploads\/2018\/04\/logo_pilgerstamm-regio-sankt-gallen-400x200.jpg 400w, https:\/\/pilgerherberge-sg.ch\/wp-content\/uploads\/2018\/04\/logo_pilgerstamm-regio-sankt-gallen-600x300.jpg 600w\" sizes=\"(max-width: 709px) 100vw, 709px\" \/> <span class=\"raven-post-image-overlay\"><\/span><\/a>\t\t<\/div>\n\t\t\t\t\t\t<div class=\"raven-post-content\">\n\t\t\t\t\t<p class=\"raven-post-title\"><a class=\"raven-post-title-link\" href=\"https:\/\/pilgerherberge-sg.ch\/fr\/di-28-04-26-jakobspilgerstamm-regio-st-gallen\/\">Di, 28.04.2026: Jakobspilgerstamm Regio St. Gallen<\/a><\/p><div class=\"raven-post-excerpt\">Der Stamm richtet sich an k\u00fcnftige oder erfahrene Pilgerinnen und Pilger auf dem Jakobsweg oder einem anderen Pilgerweg.\nEs ist ein offenes Treffen ohne irgendwelche Verpflichtungen.<\/div>\t\t<div class=\"raven-post-read-more\">\n\t\t\t<a class=\"raven-post-button\" href=\"https:\/\/pilgerherberge-sg.ch\/fr\/di-28-04-26-jakobspilgerstamm-regio-st-gallen\/\"><span class=\"raven-post-button-text\">Weiterlesen &gt;<\/span><\/a>\n\t\t<\/div>\n\t\t\t\t\t\t<\/div>\n\t\t\t<\/div>\n\t\t<\/div>\n\t\t\t\t<div class=\"raven-grid-item raven-post-item post-12457 post type-post status-publish format-standard has-post-thumbnail hentry category-pilgern category-hospitaleras category-jakobspilger category-jakobspilgerstamm-regio-st-gallen category-jakobsweg category-pilgerherberge-st-gallen category-santiago-de-compostela category-spiritualitat tag-barbara-bieri tag-genf-santiago tag-jakobsweg\">\n\t\t\t<div class=\"raven-post\">\n\t\t\t\t\t\t<div class=\"raven-post-image-wrap\">\n\t\t\t<a class=\"raven-post-image raven-image-fit\" href=\"https:\/\/pilgerherberge-sg.ch\/fr\/dienstag-20-01-2026-von-genf-nach-santiago-de-compostela-mit-barbara-bieri\/\"><img loading=\"lazy\" decoding=\"async\" width=\"1024\" height=\"461\" src=\"https:\/\/pilgerherberge-sg.ch\/wp-content\/uploads\/2025\/11\/Barbara-Bieri-06-pilgerweg-1250-1024x461.jpg\" class=\"attachment-large size-large wp-image-12317\" alt=\"\" srcset=\"https:\/\/pilgerherberge-sg.ch\/wp-content\/uploads\/2025\/11\/Barbara-Bieri-06-pilgerweg-1250-1024x461.jpg 1024w, https:\/\/pilgerherberge-sg.ch\/wp-content\/uploads\/2025\/11\/Barbara-Bieri-06-pilgerweg-1250-300x135.jpg 300w, https:\/\/pilgerherberge-sg.ch\/wp-content\/uploads\/2025\/11\/Barbara-Bieri-06-pilgerweg-1250.jpg 1250w\" sizes=\"(max-width: 1024px) 100vw, 1024px\" \/> <span class=\"raven-post-image-overlay\"><\/span><\/a>\t\t<\/div>\n\t\t\t\t\t\t<div class=\"raven-post-content\">\n\t\t\t\t\t<p class=\"raven-post-title\"><a class=\"raven-post-title-link\" href=\"https:\/\/pilgerherberge-sg.ch\/fr\/dienstag-20-01-2026-von-genf-nach-santiago-de-compostela-mit-barbara-bieri\/\">Von Genf nach Santiago de Compostela mit Barbara Bieri<\/a><\/p><div class=\"raven-post-excerpt\">\u201eNur wo du zu Fuss warst, bist du auch wirklich gewesen\u201c -\neinige Eindr\u00fccke des diesj\u00e4hrigen Vortrags vom 20.01.2026.<\/div>\t\t<div class=\"raven-post-read-more\">\n\t\t\t<a class=\"raven-post-button\" href=\"https:\/\/pilgerherberge-sg.ch\/fr\/dienstag-20-01-2026-von-genf-nach-santiago-de-compostela-mit-barbara-bieri\/\"><span class=\"raven-post-button-text\">Weiterlesen &gt;<\/span><\/a>\n\t\t<\/div>\n\t\t\t\t\t\t<\/div>\n\t\t\t<\/div>\n\t\t<\/div>\n\t\t\t\t<\/div>\n\t\t\t\t<div class=\"raven-load-more\" data-settings=\"{&quot;maxNumPages&quot;:14}\">\n\t\t\t<a class=\"raven-load-more-button\" href=\"#\"><span class=\"raven-post-button-text\">Mehr<\/span><\/a>\n\t\t<\/div>\n\t\t\t\t\t\t<\/div>\n\t\t\t\t<\/div>\n\t\t\t\t\t<\/div>\n\t\t<\/div>\n\t\t\t\t\t<\/div>\n\t\t<\/section>\n\t\t\t\t<section class=\"elementor-section elementor-top-section elementor-element elementor-element-9c2502b elementor-section-full_width elementor-section-height-default elementor-section-height-default\" data-id=\"9c2502b\" data-element_type=\"section\" data-e-type=\"section\">\n\t\t\t\t\t\t<div class=\"elementor-container elementor-column-gap-default\">\n\t\t\t\t\t<div class=\"elementor-column elementor-col-100 elementor-top-column elementor-element elementor-element-d2a7cec\" data-id=\"d2a7cec\" data-element_type=\"column\" data-e-type=\"column\">\n\t\t\t<div class=\"elementor-widget-wrap elementor-element-populated\">\n\t\t\t\t\t\t<div class=\"elementor-element elementor-element-e2cef4e elementor-widget elementor-widget-spacer\" data-id=\"e2cef4e\" data-element_type=\"widget\" data-e-type=\"widget\" data-widget_type=\"spacer.default\">\n\t\t\t\t<div class=\"elementor-widget-container\">\n\t\t\t\t\t\t\t<div class=\"elementor-spacer\">\n\t\t\t<div class=\"elementor-spacer-inner\"><\/div>\n\t\t<\/div>\n\t\t\t\t\t\t<\/div>\n\t\t\t\t<\/div>\n\t\t\t\t\t<\/div>\n\t\t<\/div>\n\t\t\t\t\t<\/div>\n\t\t<\/section>\n\t\t\t\t<\/div>\n\t\t","protected":false},"excerpt":{"rendered":"<p>R\u00e9servation carnet de p\u00e8lerin Auberge Saint-Gall Auberge de p\u00e8lerinage de Saint-Gall directement sur le chemin de Saint-Jacques, le chemin de Colomban, sur la Via Francisca L&#8217;auberge de p\u00e8lerins vit l&#8217;hospitalit\u00e9 sur le chemin de p\u00e8lerinage. Elle est g\u00e9r\u00e9e b\u00e9n\u00e9volement par d&#8217;anciens p\u00e8lerins qui font preuve d&#8217;un grand engagement. Nous perp\u00e9tuons la tradition qui a longtemps [&hellip;]<\/p>\n","protected":false},"author":1,"featured_media":0,"parent":0,"menu_order":0,"comment_status":"closed","ping_status":"closed","template":"elementor_header_footer","meta":{"_acf_changed":false,"footnotes":""},"class_list":["post-8821","page","type-page","status-publish","hentry"],"acf":[],"_links":{"self":[{"href":"https:\/\/pilgerherberge-sg.ch\/fr\/wp-json\/wp\/v2\/pages\/8821","targetHints":{"allow":["GET"]}}],"collection":[{"href":"https:\/\/pilgerherberge-sg.ch\/fr\/wp-json\/wp\/v2\/pages"}],"about":[{"href":"https:\/\/pilgerherberge-sg.ch\/fr\/wp-json\/wp\/v2\/types\/page"}],"author":[{"embeddable":true,"href":"https:\/\/pilgerherberge-sg.ch\/fr\/wp-json\/wp\/v2\/users\/1"}],"replies":[{"embeddable":true,"href":"https:\/\/pilgerherberge-sg.ch\/fr\/wp-json\/wp\/v2\/comments?post=8821"}],"version-history":[{"count":37,"href":"https:\/\/pilgerherberge-sg.ch\/fr\/wp-json\/wp\/v2\/pages\/8821\/revisions"}],"predecessor-version":[{"id":11899,"href":"https:\/\/pilgerherberge-sg.ch\/fr\/wp-json\/wp\/v2\/pages\/8821\/revisions\/11899"}],"wp:attachment":[{"href":"https:\/\/pilgerherberge-sg.ch\/fr\/wp-json\/wp\/v2\/media?parent=8821"}],"curies":[{"name":"wp","href":"https:\/\/api.w.org\/{rel}","templated":true}]}}